{"id":276,"date":"2020-01-03T16:05:49","date_gmt":"2020-01-03T15:05:49","guid":{"rendered":"https:\/\/amvs.ch\/?page_id=276"},"modified":"2022-03-14T08:37:43","modified_gmt":"2022-03-14T07:37:43","slug":"home","status":"publish","type":"page","link":"https:\/\/amvs.ch\/fr\/","title":{"rendered":"Home"},"content":{"rendered":"<div class=\"wpb-content-wrapper\">[vc_row thb_full_width=\u00a0\u00bbtrue\u00a0\u00bb thb_row_padding=\u00a0\u00bbtrue\u00a0\u00bb thb_column_padding=\u00a0\u00bbtrue\u00a0\u00bb][vc_column]\t<div id=\"thb-image-69f3b7b10b7af\" class=\"caption-style1  alignleft full  thb_image_link wp-caption \">\n\t\t\t<div class=\"thb-image-inner size_100\">\n\t\t\t<img loading=\"lazy\" decoding=\"async\" width=\"2000\" height=\"444\" src=\"https:\/\/amvs.ch\/wp-content\/uploads\/header-amvs-02.jpg\" class=\"thb_image    attachment-full\" alt=\"\" title=\"header-amvs-02\" \/>\t\t\t\t\t<\/div>\n\t\t\t\t\t<\/div>\n\t[\/vc_column][\/vc_row][vc_row css=\u00a0\u00bb.vc_custom_1575642671234{padding-top: 30px !important;padding-bottom: 30px !important;}\u00a0\u00bb][vc_column][vc_column_text]\n<h1>Association Suisse de M\u00e9decine Ayurv\u00e9dique<\/h1>\n<p>La cr\u00e9ation de nouvelles professions avec dipl\u00f4mes f\u00e9d\u00e9raux en m\u00e9decine compl\u00e9mentaire a vu na\u00eetre des exigences ainsi que des standards de qualit\u00e9 \u00e9lev\u00e9e. La m\u00e9decine ayurv\u00e9dique en fait int\u00e9gralement partie. Il est ainsi devenu essentiel pour nous de r\u00e9unir de fa\u00e7on homog\u00e8ne les membres d\u2019un groupe professionnel et sp\u00e9cialis\u00e9 regardant dans une m\u00eame direction.<\/p>\n<p>L\u2019association repr\u00e9sente les int\u00e9r\u00eats des m\u00e9decins ayurv\u00e9diques aupr\u00e8s des autorit\u00e9s, des assurances, de la politique et du public.[\/vc_column_text][\/vc_column][\/vc_row][vc_row css=\u00a0\u00bb.vc_custom_1575642691609{padding-bottom: 50px !important;}\u00a0\u00bb][vc_column width=\u00a0\u00bb1\/4&Prime;][vc_column_text]\n<h3>Trouvez un naturopathe<\/h3>\n<p>Nous nous r\u00e9jouissons de votre int\u00e9r\u00eat pour la m\u00e9decine ayurv\u00e9dique ! Les m\u00e9decins ayurv\u00e9diques list\u00e9s ci-dessous sont des professionnels en m\u00e9decine ayurv\u00e9dique. Ils correspondent au plus haut niveau de formation suisse en m\u00e9decine compl\u00e9mentaire et sont en mesure d\u2019offrir aux patients des th\u00e9rapie et des traitements professionnels, d\u2019att\u00e9nuer leurs sympt\u00f4mes ou de gu\u00e9rir leurs maux.[\/vc_column_text]\t<a id=\"thb-button-69f3b7b10cb68\" class=\"btn style1 medium  accent small-radius    \" href=\"https:\/\/amvs.ch\/fr\/naturopathe\/\" target=\"_self\" role=\"button\">\n\t\t\t\t\t<span>Trouvez un naturopathe<\/span>\n\t\t\t<\/a>\n\t\t[vc_empty_space height=\u00a0\u00bb40px\u00a0\u00bb][\/vc_column][vc_column width=\u00a0\u00bb1\/4&Prime;][vc_column_text]\n<h3>Adh\u00e9sion \u00e0 l\u2019association<\/h3>\n<p>Les membres \u2013 A sont des personnes, d\u00e9tentrices du dipl\u00f4me f\u00e9d\u00e9ral en m\u00e9decine ayurv\u00e9dique ou qui ont termin\u00e9 leur formation en m\u00e9decine ayurv\u00e9dique et sont en phase de travail th\u00e9rapeutique ind\u00e9pendant sous mentorat, avant d\u2019acqu\u00e9rir le dipl\u00f4me f\u00e9d\u00e9ral.[\/vc_column_text]\t<a id=\"thb-button-69f3b7b10cbcf\" class=\"btn style1 medium  accent small-radius    \" href=\"https:\/\/amvs.ch\/fr\/adhesion-a-lassociation\/\" target=\"_self\" role=\"button\">\n\t\t\t\t\t<span>Voir les adh\u00e9sions<\/span>\n\t\t\t<\/a>\n\t\t[vc_empty_space height=\u00a0\u00bb40px\u00a0\u00bb][\/vc_column][vc_column width=\u00a0\u00bb1\/4&Prime;][vc_column_text]\n<h3>En quoi la m\u00e9decine ayurv\u00e9dique aide-t-elle ?<\/h3>\n<p>La m\u00e9decine ayurv\u00e9dique est la connaissance d\u2019une vie longue et saine. Son but principal est d\u2019\u00e9tablir l\u2019\u00e9quilibre entre le corps, l\u2019esprit et l\u2019\u00e2me, et mener une vie en harmonie avec les lois cosmiques de la nature afin de vivre une vie saine le plus longtemps possible. Les traitements ayurv\u00e9diques visent non seulement \u00e0 \u00e9radiquer les sympt\u00f4mes mais surtout \u00e0 trouver et \u00e9liminer les causes d\u2019une maladie. La m\u00e9decine ayurv\u00e9dique est extr\u00eamement efficace dans le traitement des sympt\u00f4mes chroniques. [\/vc_column_text]\t<a id=\"thb-button-69f3b7b10cc2b\" class=\"btn style1 medium  accent small-radius    \" href=\"https:\/\/amvs.ch\/fr\/la-medecine-ayurvedique\/\" target=\"_self\" role=\"button\">\n\t\t\t\t\t<span>En savoir plus<\/span>\n\t\t\t<\/a>\n\t\t[vc_empty_space height=\u00a0\u00bb40px\u00a0\u00bb][\/vc_column][vc_column width=\u00a0\u00bb1\/4&Prime;][vc_column_text]\n<h3>Les statuts<\/h3>\n<p>L\u2019Association Suisse de M\u00e9decine Ayurv\u00e9dique (ASMA) a \u00e9t\u00e9 fond\u00e9e le 24 septembre 2019. L\u2019ASMA est une association professionnelle pour les naturopathes en m\u00e9decine ayurv\u00e9dique ainsi que d\u2019autres sp\u00e9cialistes avec formations \u00e9quivalentes en m\u00e9decine ayurv\u00e9dique. L\u2019association est politiquement, \u00e9thiquement et confessionnellement neutre.[\/vc_column_text]\t<a id=\"thb-button-69f3b7b10cc75\" class=\"btn style1 medium  accent small-radius    \" href=\"https:\/\/amvs.ch\/pdf\/ASMA%20Statuts.pdf\" class=\"mtli_attachment mtli_pdf\" target=\"_self\" role=\"button\">\n\t\t\t\t\t<span>Visualiser les documents<\/span>\n\t\t\t<\/a>\n\t\t[vc_empty_space height=\u00a0\u00bb40px\u00a0\u00bb][\/vc_column][\/vc_row]\n<\/div>","protected":false},"excerpt":{"rendered":"<p>[vc_row thb_full_width=\u00a0\u00bbtrue\u00a0\u00bb thb_row_padding=\u00a0\u00bbtrue\u00a0\u00bb thb_column_padding=\u00a0\u00bbtrue\u00a0\u00bb][vc_column][\/vc_column][\/vc_row][vc_row css=\u00a0\u00bb.vc_custom_1575642671234{padding-top: 30px !important;padding-bottom: 30px !important;}\u00a0\u00bb][vc_column][vc_column_text] Association Suisse de M\u00e9decine Ayurv\u00e9dique La cr\u00e9ation de nouvelles professions avec dipl\u00f4mes f\u00e9d\u00e9raux en m\u00e9decine compl\u00e9mentaire a vu na\u00eetre des exigences ainsi que des standards de qualit\u00e9 \u00e9lev\u00e9e. La m\u00e9decine ayurv\u00e9dique en fait int\u00e9gralement partie. Il est ainsi devenu essentiel pour nous de r\u00e9unir de fa\u00e7on&hellip;<\/p>\n","protected":false},"author":1,"featured_media":0,"parent":0,"menu_order":0,"comment_status":"closed","ping_status":"closed","template":"","meta":{"footnotes":""},"class_list":["post-276","page","type-page","status-publish","hentry"],"yoast_head":"<!-- This site is optimized with the Yoast SEO plugin v27.5 - https:\/\/yoast.com\/product\/yoast-seo-wordpress\/ -->\n<title>ASMA | AMVS - Association Suisse de M\u00e9decine Ayurv\u00e9dique<\/title>\n<meta name=\"description\" content=\"L&#039;Association de M\u00e9decine Ayurv\u00e9dique repr\u00e9sente les int\u00e9r\u00eats des m\u00e9decins ayurv\u00e9diques dans leur collaboration avec les autorit\u00e9s, les caisses d&#039;assurance maladie, la politique et le public.\" \/>\n<meta name=\"robots\" content=\"index, follow, max-snippet:-1, max-image-preview:large, max-video-preview:-1\" \/>\n<link rel=\"canonical\" href=\"https:\/\/amvs.ch\/fr\/\" \/>\n<meta property=\"og:locale\" content=\"fr_FR\" \/>\n<meta property=\"og:type\" content=\"article\" \/>\n<meta property=\"og:title\" content=\"ASMA | AMVS - Association Suisse de M\u00e9decine Ayurv\u00e9dique\" \/>\n<meta property=\"og:description\" content=\"L&#039;Association de M\u00e9decine Ayurv\u00e9dique repr\u00e9sente les int\u00e9r\u00eats des m\u00e9decins ayurv\u00e9diques dans leur collaboration avec les autorit\u00e9s, les caisses d&#039;assurance maladie, la politique et le public.\" \/>\n<meta property=\"og:url\" content=\"https:\/\/amvs.ch\/fr\/\" \/>\n<meta property=\"og:site_name\" content=\"AMVS - Ayurveda Medizin Verband Schweiz\" \/>\n<meta property=\"article:modified_time\" content=\"2022-03-14T07:37:43+00:00\" \/>\n<meta name=\"twitter:card\" content=\"summary_large_image\" \/>\n<meta name=\"twitter:label1\" content=\"Dur\u00e9e de lecture estim\u00e9e\" \/>\n\t<meta name=\"twitter:data1\" content=\"2 minutes\" \/>\n<script type=\"application\/ld+json\" class=\"yoast-schema-graph\">{\"@context\":\"https:\\\/\\\/schema.org\",\"@graph\":[{\"@type\":\"WebPage\",\"@id\":\"https:\\\/\\\/amvs.ch\\\/fr\\\/\",\"url\":\"https:\\\/\\\/amvs.ch\\\/fr\\\/\",\"name\":\"ASMA | AMVS - Association Suisse de M\u00e9decine Ayurv\u00e9dique\",\"isPartOf\":{\"@id\":\"https:\\\/\\\/amvs.ch\\\/fr\\\/#website\"},\"datePublished\":\"2020-01-03T15:05:49+00:00\",\"dateModified\":\"2022-03-14T07:37:43+00:00\",\"description\":\"L'Association de M\u00e9decine Ayurv\u00e9dique repr\u00e9sente les int\u00e9r\u00eats des m\u00e9decins ayurv\u00e9diques dans leur collaboration avec les autorit\u00e9s, les caisses d'assurance maladie, la politique et le public.\",\"breadcrumb\":{\"@id\":\"https:\\\/\\\/amvs.ch\\\/fr\\\/#breadcrumb\"},\"inLanguage\":\"fr-FR\",\"potentialAction\":[{\"@type\":\"ReadAction\",\"target\":[\"https:\\\/\\\/amvs.ch\\\/fr\\\/\"]}]},{\"@type\":\"BreadcrumbList\",\"@id\":\"https:\\\/\\\/amvs.ch\\\/fr\\\/#breadcrumb\",\"itemListElement\":[{\"@type\":\"ListItem\",\"position\":1,\"name\":\"Startseite\",\"item\":\"https:\\\/\\\/amvs.ch\\\/fr\\\/\"},{\"@type\":\"ListItem\",\"position\":2,\"name\":\"Home\"}]},{\"@type\":\"WebSite\",\"@id\":\"https:\\\/\\\/amvs.ch\\\/fr\\\/#website\",\"url\":\"https:\\\/\\\/amvs.ch\\\/fr\\\/\",\"name\":\"AMVS - Ayurveda Medizin Verband Schweiz\",\"description\":\"Ayurveda Medizin Verband Schweiz\",\"publisher\":{\"@id\":\"https:\\\/\\\/amvs.ch\\\/fr\\\/#organization\"},\"potentialAction\":[{\"@type\":\"SearchAction\",\"target\":{\"@type\":\"EntryPoint\",\"urlTemplate\":\"https:\\\/\\\/amvs.ch\\\/fr\\\/?s={search_term_string}\"},\"query-input\":{\"@type\":\"PropertyValueSpecification\",\"valueRequired\":true,\"valueName\":\"search_term_string\"}}],\"inLanguage\":\"fr-FR\"},{\"@type\":\"Organization\",\"@id\":\"https:\\\/\\\/amvs.ch\\\/fr\\\/#organization\",\"name\":\"Ayurveda Medizin Verband Schweiz\",\"url\":\"https:\\\/\\\/amvs.ch\\\/fr\\\/\",\"logo\":{\"@type\":\"ImageObject\",\"inLanguage\":\"fr-FR\",\"@id\":\"https:\\\/\\\/amvs.ch\\\/fr\\\/#\\\/schema\\\/logo\\\/image\\\/\",\"url\":\"https:\\\/\\\/amvs.ch\\\/wp-content\\\/uploads\\\/logo-amvs-pos.png\",\"contentUrl\":\"https:\\\/\\\/amvs.ch\\\/wp-content\\\/uploads\\\/logo-amvs-pos.png\",\"width\":400,\"height\":63,\"caption\":\"Ayurveda Medizin Verband Schweiz\"},\"image\":{\"@id\":\"https:\\\/\\\/amvs.ch\\\/fr\\\/#\\\/schema\\\/logo\\\/image\\\/\"}}]}<\/script>\n<!-- \/ Yoast SEO plugin. -->","yoast_head_json":{"title":"ASMA | AMVS - Association Suisse de M\u00e9decine Ayurv\u00e9dique","description":"L'Association de M\u00e9decine Ayurv\u00e9dique repr\u00e9sente les int\u00e9r\u00eats des m\u00e9decins ayurv\u00e9diques dans leur collaboration avec les autorit\u00e9s, les caisses d'assurance maladie, la politique et le public.","robots":{"index":"index","follow":"follow","max-snippet":"max-snippet:-1","max-image-preview":"max-image-preview:large","max-video-preview":"max-video-preview:-1"},"canonical":"https:\/\/amvs.ch\/fr\/","og_locale":"fr_FR","og_type":"article","og_title":"ASMA | AMVS - Association Suisse de M\u00e9decine Ayurv\u00e9dique","og_description":"L'Association de M\u00e9decine Ayurv\u00e9dique repr\u00e9sente les int\u00e9r\u00eats des m\u00e9decins ayurv\u00e9diques dans leur collaboration avec les autorit\u00e9s, les caisses d'assurance maladie, la politique et le public.","og_url":"https:\/\/amvs.ch\/fr\/","og_site_name":"AMVS - Ayurveda Medizin Verband Schweiz","article_modified_time":"2022-03-14T07:37:43+00:00","twitter_card":"summary_large_image","twitter_misc":{"Dur\u00e9e de lecture estim\u00e9e":"2 minutes"},"schema":{"@context":"https:\/\/schema.org","@graph":[{"@type":"WebPage","@id":"https:\/\/amvs.ch\/fr\/","url":"https:\/\/amvs.ch\/fr\/","name":"ASMA | AMVS - Association Suisse de M\u00e9decine Ayurv\u00e9dique","isPartOf":{"@id":"https:\/\/amvs.ch\/fr\/#website"},"datePublished":"2020-01-03T15:05:49+00:00","dateModified":"2022-03-14T07:37:43+00:00","description":"L'Association de M\u00e9decine Ayurv\u00e9dique repr\u00e9sente les int\u00e9r\u00eats des m\u00e9decins ayurv\u00e9diques dans leur collaboration avec les autorit\u00e9s, les caisses d'assurance maladie, la politique et le public.","breadcrumb":{"@id":"https:\/\/amvs.ch\/fr\/#breadcrumb"},"inLanguage":"fr-FR","potentialAction":[{"@type":"ReadAction","target":["https:\/\/amvs.ch\/fr\/"]}]},{"@type":"BreadcrumbList","@id":"https:\/\/amvs.ch\/fr\/#breadcrumb","itemListElement":[{"@type":"ListItem","position":1,"name":"Startseite","item":"https:\/\/amvs.ch\/fr\/"},{"@type":"ListItem","position":2,"name":"Home"}]},{"@type":"WebSite","@id":"https:\/\/amvs.ch\/fr\/#website","url":"https:\/\/amvs.ch\/fr\/","name":"AMVS - Ayurveda Medizin Verband Schweiz","description":"Ayurveda Medizin Verband Schweiz","publisher":{"@id":"https:\/\/amvs.ch\/fr\/#organization"},"potentialAction":[{"@type":"SearchAction","target":{"@type":"EntryPoint","urlTemplate":"https:\/\/amvs.ch\/fr\/?s={search_term_string}"},"query-input":{"@type":"PropertyValueSpecification","valueRequired":true,"valueName":"search_term_string"}}],"inLanguage":"fr-FR"},{"@type":"Organization","@id":"https:\/\/amvs.ch\/fr\/#organization","name":"Ayurveda Medizin Verband Schweiz","url":"https:\/\/amvs.ch\/fr\/","logo":{"@type":"ImageObject","inLanguage":"fr-FR","@id":"https:\/\/amvs.ch\/fr\/#\/schema\/logo\/image\/","url":"https:\/\/amvs.ch\/wp-content\/uploads\/logo-amvs-pos.png","contentUrl":"https:\/\/amvs.ch\/wp-content\/uploads\/logo-amvs-pos.png","width":400,"height":63,"caption":"Ayurveda Medizin Verband Schweiz"},"image":{"@id":"https:\/\/amvs.ch\/fr\/#\/schema\/logo\/image\/"}}]}},"_links":{"self":[{"href":"https:\/\/amvs.ch\/fr\/wp-json\/wp\/v2\/pages\/276","targetHints":{"allow":["GET"]}}],"collection":[{"href":"https:\/\/amvs.ch\/fr\/wp-json\/wp\/v2\/pages"}],"about":[{"href":"https:\/\/amvs.ch\/fr\/wp-json\/wp\/v2\/types\/page"}],"author":[{"embeddable":true,"href":"https:\/\/amvs.ch\/fr\/wp-json\/wp\/v2\/users\/1"}],"replies":[{"embeddable":true,"href":"https:\/\/amvs.ch\/fr\/wp-json\/wp\/v2\/comments?post=276"}],"version-history":[{"count":11,"href":"https:\/\/amvs.ch\/fr\/wp-json\/wp\/v2\/pages\/276\/revisions"}],"predecessor-version":[{"id":1140,"href":"https:\/\/amvs.ch\/fr\/wp-json\/wp\/v2\/pages\/276\/revisions\/1140"}],"wp:attachment":[{"href":"https:\/\/amvs.ch\/fr\/wp-json\/wp\/v2\/media?parent=276"}],"curies":[{"name":"wp","href":"https:\/\/api.w.org\/{rel}","templated":true}]}}