{"id":299,"date":"2020-01-03T16:22:56","date_gmt":"2020-01-03T15:22:56","guid":{"rendered":"https:\/\/amvs.ch\/?page_id=299"},"modified":"2022-12-05T13:05:11","modified_gmt":"2022-12-05T12:05:11","slug":"formation","status":"publish","type":"page","link":"https:\/\/amvs.ch\/fr\/formation\/","title":{"rendered":"Formation"},"content":{"rendered":"<div class=\"wpb-content-wrapper\">[vc_row][vc_column][vc_column_text]\n<h1>\u00c9ducation et formation<\/h1>\n[\/vc_column_text][vc_column_text]\n<h2>Les \u00e9coles (membre-S)<\/h2>\n<p><strong>Ces \u00e9coles forment \u00e0 la m\u00e9decine ayurv\u00e9dique et sont accr\u00e9dit\u00e9es OrTra MA<\/strong><\/p>\n<div id=\"tablepress-3-scroll-wrapper\" class=\"tablepress-scroll-wrapper\">\n\n<table id=\"tablepress-3\" class=\"tablepress tablepress-id-3 tablepress-responsive\">\n<thead>\n<tr class=\"row-1\">\n\t<th class=\"column-1\">Nom<\/th><th class=\"column-2\">Ecole<\/th><th class=\"column-3\">Adresse<\/th><th class=\"column-4\">NPA<\/th><th class=\"column-5\">Lieu<\/th><th class=\"column-6\">T\u00e9l\u00e9phone<\/th><th class=\"column-7\">E-mail<\/th><th class=\"column-8\">Site internet<\/th>\n<\/tr>\n<\/thead>\n<tbody class=\"row-striping row-hover\">\n<tr class=\"row-2\">\n\t<td class=\"column-1\">Zalokar Hein<\/td><td class=\"column-2\">Heilpraktikerschule Luzern<\/td><td class=\"column-3\">Luzernerstrasse 26c<\/td><td class=\"column-4\">6030<\/td><td class=\"column-5\">Ebikon<\/td><td class=\"column-6\">041 418 20 10<\/td><td class=\"column-7\"><a href=\"mailto:info@heilpraktikerschule.ch\">info@heilpraktikerschule.ch<\/a><\/td><td class=\"column-8\"><a target=\"_blank\" href=\"https:\/\/www.heilpraktikerschule.ch\" rel=\"nofollow\">https:\/\/www.heilpraktikerschule.ch<\/a><\/td>\n<\/tr>\n<tr class=\"row-3\">\n\t<td class=\"column-1\">Rosenberg Mark     <\/td><td class=\"column-2\">Rosenberg Europ\u00e4ische Akademie f\u00fcr Ayurveda  in Kooperation mit HPS<\/td><td class=\"column-3\">Sempacherstrasse 48<\/td><td class=\"column-4\">8032<\/td><td class=\"column-5\">Z\u00fcrich<\/td><td class=\"column-6\">044 260 70 70                  <\/td><td class=\"column-7\"><a href=\"mailto:info@ayurveda-akademie.ch\">info@ayurveda-akademie.ch<\/a> <\/td><td class=\"column-8\"><a target=\"_blank\" href=\"https:\/\/www.ayurveda-akademie.org\" rel=\"nofollow\">https:\/\/www.ayurveda-akademie.org<\/a><\/td>\n<\/tr>\n<tr class=\"row-4\">\n\t<td class=\"column-1\">Henzelin Julien<\/td><td class=\"column-2\">EPSN S\u00e0rl<\/td><td class=\"column-3\">Rte de la Corniche 5<\/td><td class=\"column-4\">1066<\/td><td class=\"column-5\">Epalinges<\/td><td class=\"column-6\">021 588 17 23<\/td><td class=\"column-7\"><a href=\"mailto:julien.henzelin@epsn.ch\">julien.henzelin@epsn.ch<\/a><\/td><td class=\"column-8\"><a target=\"_blank\" href=\"https:\/\/www.epsn.ch\" rel=\"nofollow\">https:\/\/www.epsn.ch<\/a><\/td>\n<\/tr>\n<tr class=\"row-5\">\n\t<td class=\"column-1\">Isler Lucy<\/td><td class=\"column-2\">\u00c9cole d'Ayurveda (EA)<\/td><td class=\"column-3\">Rue du Couvaloup 2A<\/td><td class=\"column-4\">1162<\/td><td class=\"column-5\">Saint-Prex<\/td><td class=\"column-6\">021 357 41 12<\/td><td class=\"column-7\"><a href=\"mailto:info@ecoleayurveda.ch\">info@ecoleayurveda.ch<\/a><\/td><td class=\"column-8\"><a target=\"_blank\" href=\"http:\/\/www.ecoleayurveda.ch\" rel=\"nofollow\">http:\/\/www.ecoleayurveda.ch<\/a><\/td>\n<\/tr>\n<\/tbody>\n<\/table>\n\n<\/div><!-- #tablepress-3 from cache -->\n<p>&nbsp;<\/p>\n[\/vc_column_text][vc_empty_space][\/vc_column][\/vc_row][vc_row][vc_column][vc_column_text]<strong>Ecole proposant la formation de naturopathe en m\u00e9decine ayurv\u00e9dique<\/strong><\/p>\n<div id=\"tablepress-2-scroll-wrapper\" class=\"tablepress-scroll-wrapper\">\n\n<table id=\"tablepress-2\" class=\"tablepress tablepress-id-2 tablepress-responsive\">\n<thead>\n<tr class=\"row-1\">\n\t<th class=\"column-1\">Nom<\/th><th class=\"column-2\">Ecole<\/th><th class=\"column-3\">Adresse<\/th><th class=\"column-4\">NPA<\/th><th class=\"column-5\">Lieu<\/th><th class=\"column-6\">T\u00e9l\u00e9phone<\/th><th class=\"column-7\">E-mail<\/th><th class=\"column-8\">Site internet<\/th>\n<\/tr>\n<\/thead>\n<tbody class=\"row-striping row-hover\">\n<\/tbody>\n<\/table>\n\n<\/div><!-- #tablepress-2 from cache -->[\/vc_column_text][\/vc_column][\/vc_row]\n<\/div>","protected":false},"excerpt":{"rendered":"<p>[vc_row][vc_column][vc_column_text] \u00c9ducation et formation [\/vc_column_text][vc_column_text] Les \u00e9coles (membre-S) Ces \u00e9coles forment \u00e0 la m\u00e9decine ayurv\u00e9dique et sont accr\u00e9dit\u00e9es OrTra MA &nbsp; [\/vc_column_text][vc_empty_space][\/vc_column][\/vc_row][vc_row][vc_column][vc_column_text]Ecole proposant la formation de naturopathe en m\u00e9decine ayurv\u00e9dique [\/vc_column_text][\/vc_column][\/vc_row]<\/p>\n","protected":false},"author":1,"featured_media":0,"parent":0,"menu_order":0,"comment_status":"closed","ping_status":"closed","template":"","meta":{"footnotes":""},"class_list":["post-299","page","type-page","status-publish","hentry"],"yoast_head":"<!-- This site is optimized with the Yoast SEO plugin v27.5 - https:\/\/yoast.com\/product\/yoast-seo-wordpress\/ -->\n<title>Formation - AMVS - Ayurveda Medizin Verband Schweiz<\/title>\n<meta name=\"robots\" content=\"index, follow, max-snippet:-1, max-image-preview:large, max-video-preview:-1\" \/>\n<link rel=\"canonical\" href=\"https:\/\/amvs.ch\/fr\/formation\/\" \/>\n<meta property=\"og:locale\" content=\"fr_FR\" \/>\n<meta property=\"og:type\" content=\"article\" \/>\n<meta property=\"og:title\" content=\"Formation - AMVS - Ayurveda Medizin Verband Schweiz\" \/>\n<meta property=\"og:description\" content=\"[vc_row][vc_column][vc_column_text] \u00c9ducation et formation [\/vc_column_text][vc_column_text] Les \u00e9coles (membre-S) Ces \u00e9coles forment \u00e0 la m\u00e9decine ayurv\u00e9dique et sont accr\u00e9dit\u00e9es OrTra MA &nbsp; [\/vc_column_text][vc_empty_space][\/vc_column][\/vc_row][vc_row][vc_column][vc_column_text]Ecole proposant la formation de naturopathe en m\u00e9decine ayurv\u00e9dique [\/vc_column_text][\/vc_column][\/vc_row]\" \/>\n<meta property=\"og:url\" content=\"https:\/\/amvs.ch\/fr\/formation\/\" \/>\n<meta property=\"og:site_name\" content=\"AMVS - Ayurveda Medizin Verband Schweiz\" \/>\n<meta property=\"article:modified_time\" content=\"2022-12-05T12:05:11+00:00\" \/>\n<meta name=\"twitter:card\" content=\"summary_large_image\" \/>\n<meta name=\"twitter:label1\" content=\"Dur\u00e9e de lecture estim\u00e9e\" \/>\n\t<meta name=\"twitter:data1\" content=\"1 minute\" \/>\n<script type=\"application\/ld+json\" class=\"yoast-schema-graph\">{\"@context\":\"https:\\\/\\\/schema.org\",\"@graph\":[{\"@type\":\"WebPage\",\"@id\":\"https:\\\/\\\/amvs.ch\\\/fr\\\/formation\\\/\",\"url\":\"https:\\\/\\\/amvs.ch\\\/fr\\\/formation\\\/\",\"name\":\"Formation - AMVS - Ayurveda Medizin Verband Schweiz\",\"isPartOf\":{\"@id\":\"https:\\\/\\\/amvs.ch\\\/fr\\\/#website\"},\"datePublished\":\"2020-01-03T15:22:56+00:00\",\"dateModified\":\"2022-12-05T12:05:11+00:00\",\"breadcrumb\":{\"@id\":\"https:\\\/\\\/amvs.ch\\\/fr\\\/formation\\\/#breadcrumb\"},\"inLanguage\":\"fr-FR\",\"potentialAction\":[{\"@type\":\"ReadAction\",\"target\":[\"https:\\\/\\\/amvs.ch\\\/fr\\\/formation\\\/\"]}]},{\"@type\":\"BreadcrumbList\",\"@id\":\"https:\\\/\\\/amvs.ch\\\/fr\\\/formation\\\/#breadcrumb\",\"itemListElement\":[{\"@type\":\"ListItem\",\"position\":1,\"name\":\"Startseite\",\"item\":\"https:\\\/\\\/amvs.ch\\\/fr\\\/\"},{\"@type\":\"ListItem\",\"position\":2,\"name\":\"Formation\"}]},{\"@type\":\"WebSite\",\"@id\":\"https:\\\/\\\/amvs.ch\\\/fr\\\/#website\",\"url\":\"https:\\\/\\\/amvs.ch\\\/fr\\\/\",\"name\":\"AMVS - Ayurveda Medizin Verband Schweiz\",\"description\":\"Ayurveda Medizin Verband Schweiz\",\"publisher\":{\"@id\":\"https:\\\/\\\/amvs.ch\\\/fr\\\/#organization\"},\"potentialAction\":[{\"@type\":\"SearchAction\",\"target\":{\"@type\":\"EntryPoint\",\"urlTemplate\":\"https:\\\/\\\/amvs.ch\\\/fr\\\/?s={search_term_string}\"},\"query-input\":{\"@type\":\"PropertyValueSpecification\",\"valueRequired\":true,\"valueName\":\"search_term_string\"}}],\"inLanguage\":\"fr-FR\"},{\"@type\":\"Organization\",\"@id\":\"https:\\\/\\\/amvs.ch\\\/fr\\\/#organization\",\"name\":\"Ayurveda Medizin Verband Schweiz\",\"url\":\"https:\\\/\\\/amvs.ch\\\/fr\\\/\",\"logo\":{\"@type\":\"ImageObject\",\"inLanguage\":\"fr-FR\",\"@id\":\"https:\\\/\\\/amvs.ch\\\/fr\\\/#\\\/schema\\\/logo\\\/image\\\/\",\"url\":\"https:\\\/\\\/amvs.ch\\\/wp-content\\\/uploads\\\/logo-amvs-pos.png\",\"contentUrl\":\"https:\\\/\\\/amvs.ch\\\/wp-content\\\/uploads\\\/logo-amvs-pos.png\",\"width\":400,\"height\":63,\"caption\":\"Ayurveda Medizin Verband Schweiz\"},\"image\":{\"@id\":\"https:\\\/\\\/amvs.ch\\\/fr\\\/#\\\/schema\\\/logo\\\/image\\\/\"}}]}<\/script>\n<!-- \/ Yoast SEO plugin. -->","yoast_head_json":{"title":"Formation - AMVS - Ayurveda Medizin Verband Schweiz","robots":{"index":"index","follow":"follow","max-snippet":"max-snippet:-1","max-image-preview":"max-image-preview:large","max-video-preview":"max-video-preview:-1"},"canonical":"https:\/\/amvs.ch\/fr\/formation\/","og_locale":"fr_FR","og_type":"article","og_title":"Formation - AMVS - Ayurveda Medizin Verband Schweiz","og_description":"[vc_row][vc_column][vc_column_text] \u00c9ducation et formation [\/vc_column_text][vc_column_text] Les \u00e9coles (membre-S) Ces \u00e9coles forment \u00e0 la m\u00e9decine ayurv\u00e9dique et sont accr\u00e9dit\u00e9es OrTra MA &nbsp; [\/vc_column_text][vc_empty_space][\/vc_column][\/vc_row][vc_row][vc_column][vc_column_text]Ecole proposant la formation de naturopathe en m\u00e9decine ayurv\u00e9dique [\/vc_column_text][\/vc_column][\/vc_row]","og_url":"https:\/\/amvs.ch\/fr\/formation\/","og_site_name":"AMVS - Ayurveda Medizin Verband Schweiz","article_modified_time":"2022-12-05T12:05:11+00:00","twitter_card":"summary_large_image","twitter_misc":{"Dur\u00e9e de lecture estim\u00e9e":"1 minute"},"schema":{"@context":"https:\/\/schema.org","@graph":[{"@type":"WebPage","@id":"https:\/\/amvs.ch\/fr\/formation\/","url":"https:\/\/amvs.ch\/fr\/formation\/","name":"Formation - AMVS - Ayurveda Medizin Verband Schweiz","isPartOf":{"@id":"https:\/\/amvs.ch\/fr\/#website"},"datePublished":"2020-01-03T15:22:56+00:00","dateModified":"2022-12-05T12:05:11+00:00","breadcrumb":{"@id":"https:\/\/amvs.ch\/fr\/formation\/#breadcrumb"},"inLanguage":"fr-FR","potentialAction":[{"@type":"ReadAction","target":["https:\/\/amvs.ch\/fr\/formation\/"]}]},{"@type":"BreadcrumbList","@id":"https:\/\/amvs.ch\/fr\/formation\/#breadcrumb","itemListElement":[{"@type":"ListItem","position":1,"name":"Startseite","item":"https:\/\/amvs.ch\/fr\/"},{"@type":"ListItem","position":2,"name":"Formation"}]},{"@type":"WebSite","@id":"https:\/\/amvs.ch\/fr\/#website","url":"https:\/\/amvs.ch\/fr\/","name":"AMVS - Ayurveda Medizin Verband Schweiz","description":"Ayurveda Medizin Verband Schweiz","publisher":{"@id":"https:\/\/amvs.ch\/fr\/#organization"},"potentialAction":[{"@type":"SearchAction","target":{"@type":"EntryPoint","urlTemplate":"https:\/\/amvs.ch\/fr\/?s={search_term_string}"},"query-input":{"@type":"PropertyValueSpecification","valueRequired":true,"valueName":"search_term_string"}}],"inLanguage":"fr-FR"},{"@type":"Organization","@id":"https:\/\/amvs.ch\/fr\/#organization","name":"Ayurveda Medizin Verband Schweiz","url":"https:\/\/amvs.ch\/fr\/","logo":{"@type":"ImageObject","inLanguage":"fr-FR","@id":"https:\/\/amvs.ch\/fr\/#\/schema\/logo\/image\/","url":"https:\/\/amvs.ch\/wp-content\/uploads\/logo-amvs-pos.png","contentUrl":"https:\/\/amvs.ch\/wp-content\/uploads\/logo-amvs-pos.png","width":400,"height":63,"caption":"Ayurveda Medizin Verband Schweiz"},"image":{"@id":"https:\/\/amvs.ch\/fr\/#\/schema\/logo\/image\/"}}]}},"_links":{"self":[{"href":"https:\/\/amvs.ch\/fr\/wp-json\/wp\/v2\/pages\/299","targetHints":{"allow":["GET"]}}],"collection":[{"href":"https:\/\/amvs.ch\/fr\/wp-json\/wp\/v2\/pages"}],"about":[{"href":"https:\/\/amvs.ch\/fr\/wp-json\/wp\/v2\/types\/page"}],"author":[{"embeddable":true,"href":"https:\/\/amvs.ch\/fr\/wp-json\/wp\/v2\/users\/1"}],"replies":[{"embeddable":true,"href":"https:\/\/amvs.ch\/fr\/wp-json\/wp\/v2\/comments?post=299"}],"version-history":[{"count":2,"href":"https:\/\/amvs.ch\/fr\/wp-json\/wp\/v2\/pages\/299\/revisions"}],"predecessor-version":[{"id":1412,"href":"https:\/\/amvs.ch\/fr\/wp-json\/wp\/v2\/pages\/299\/revisions\/1412"}],"wp:attachment":[{"href":"https:\/\/amvs.ch\/fr\/wp-json\/wp\/v2\/media?parent=299"}],"curies":[{"name":"wp","href":"https:\/\/api.w.org\/{rel}","templated":true}]}}